{"id":279,"date":"2021-03-11T11:05:27","date_gmt":"2021-03-11T11:05:27","guid":{"rendered":"https:\/\/h1-medienanalyse.de\/home\/?page_id=279"},"modified":"2021-05-07T08:59:54","modified_gmt":"2021-05-07T08:59:54","slug":"ueber-uns","status":"publish","type":"page","link":"https:\/\/h1-medienanalyse.de\/home\/ueber-uns\/","title":{"rendered":"\u00dcber uns"},"content":{"rendered":"\n<div class=\"wp-block-cover alignfull has-nv-site-bg-background-color has-background-dim\" style=\"min-height:260px;aspect-ratio:unset;\"><div class=\"wp-block-cover__inner-container is-layout-flow wp-block-cover-is-layout-flow\">\n<div class=\"wp-block-group\"><div class=\"wp-block-group__inner-container is-layout-flow wp-block-group-is-layout-flow\">\n<h1 class=\"has-text-align-left has-neve-text-color-color has-text-color wp-block-heading\">\u00dcber Uns<\/h1>\n<\/div><\/div>\n<\/div><\/div>\n\n\n\n<div class=\"wp-block-cover alignfull has-nv-c-1-background-color has-background-dim\" style=\"min-height:600px;aspect-ratio:unset;\"><div class=\"wp-block-cover__inner-container is-layout-flow wp-block-cover-is-layout-flow\">\n<div class=\"wp-block-group\"><div class=\"wp-block-group__inner-container is-layout-flow wp-block-group-is-layout-flow\">\n<div style=\"height:50px\" aria-hidden=\"true\" class=\"wp-block-spacer\"><\/div>\n\n\n\n<div class=\"wp-block-columns are-vertically-aligned-center is-layout-flex wp-container-core-columns-is-layout-9d6595d7 wp-block-columns-is-layout-flex\">\n<div class=\"wp-block-column is-vertically-aligned-center is-layout-flow wp-block-column-is-layout-flow\" style=\"flex-basis:50%\">\n<figure class=\"wp-block-image size-large\"><img loading=\"lazy\" decoding=\"async\" width=\"990\" height=\"680\" src=\"http:\/\/h1-medienanalyse.de\/wp-content\/uploads\/2021\/04\/Teamarbeit-3_Startseite.png\" alt=\"\" class=\"wp-image-934\" srcset=\"https:\/\/h1-medienanalyse.de\/wp-content\/uploads\/2021\/04\/Teamarbeit-3_Startseite.png 990w, https:\/\/h1-medienanalyse.de\/wp-content\/uploads\/2021\/04\/Teamarbeit-3_Startseite-300x206.png 300w, https:\/\/h1-medienanalyse.de\/wp-content\/uploads\/2021\/04\/Teamarbeit-3_Startseite-768x528.png 768w\" sizes=\"auto, (max-width: 990px) 100vw, 990px\" \/><\/figure>\n<\/div>\n\n\n\n<div class=\"wp-block-column is-vertically-aligned-center is-layout-flow wp-block-column-is-layout-flow\" style=\"flex-basis:50%\">\n<h2 class=\"has-neve-text-color-color has-text-color wp-block-heading\">Unser Institut<\/h2>\n\n\n\n<p class=\"has-neve-link-color-color has-text-color\">h1 medienanalyse ist ein Institut f\u00fcr sozialwissenschaftlich-angewandte Forschung und Wissenschaftsberatung.<\/p>\n\n\n\n<p class=\"has-neve-link-color-color has-text-color\">Vor dem Hintergrund der sich ver\u00e4ndernden Medienrealit\u00e4ten analysieren wir Inhalte, erforschen Rezipient:innen, erarbeiten Strategien und beraten. Gesellschaftlich relevante Fragestellungen liegen uns besonders am Herzen.<\/p>\n\n\n\n<p class=\"has-neve-link-color-color has-text-color\">Mit Sitz in Berlin geht unsere Arbeit \u00fcber nationale und internationale Grenzen hinweg. In unserem Team arbeiten Wissenschaftler:innen mit langj\u00e4hriger Berufserfahrung an Universit\u00e4ten und Forschungsinstituten. Wir denken interdisziplin\u00e4r und interkulturell.<\/p>\n<\/div>\n<\/div>\n<\/div><\/div>\n\n\n\n<blockquote class=\"wp-block-quote has-text-align-center is-layout-flow wp-block-quote-is-layout-flow\"><p><strong><span style=\"color:var(--nv-primary-accent)\" class=\"tadv-color\">Wir arbeiten&#8230;<\/span><\/strong><\/p><\/blockquote>\n\n\n\n<div class=\"wp-block-columns is-layout-flex wp-container-core-columns-is-layout-9d6595d7 wp-block-columns-is-layout-flex\">\n<div class=\"wp-block-column is-layout-flow wp-block-column-is-layout-flow\">\n<div class=\"wp-block-image is-style-default\"><figure class=\"aligncenter size-large is-resized\"><img loading=\"lazy\" decoding=\"async\" src=\"http:\/\/h1-medienanalyse.de\/wp-content\/uploads\/2021\/03\/Expertise.png\" alt=\"\" class=\"wp-image-596\" width=\"90\" height=\"90\" srcset=\"https:\/\/h1-medienanalyse.de\/wp-content\/uploads\/2021\/03\/Expertise.png 280w, https:\/\/h1-medienanalyse.de\/wp-content\/uploads\/2021\/03\/Expertise-150x150.png 150w\" sizes=\"auto, (max-width: 90px) 100vw, 90px\" \/><\/figure><\/div>\n\n\n\n<p class=\"has-text-align-center has-neve-link-color-color has-text-color\"><strong>wissenschaftlich fundiert<\/strong><\/p>\n\n\n\n<p class=\"has-text-align-center has-neve-link-color-color has-text-color\">Wir setzen Ihre Untersuchung mit wissenschaftlicher Expertise pragmatisch um.<\/p>\n<\/div>\n\n\n\n<div class=\"wp-block-column is-layout-flow wp-block-column-is-layout-flow\">\n<div class=\"wp-block-image is-style-default\"><figure class=\"aligncenter size-large is-resized\"><img loading=\"lazy\" decoding=\"async\" src=\"http:\/\/h1-medienanalyse.de\/wp-content\/uploads\/2021\/03\/Expertise.png\" alt=\"\" class=\"wp-image-596\" width=\"90\" height=\"90\" srcset=\"https:\/\/h1-medienanalyse.de\/wp-content\/uploads\/2021\/03\/Expertise.png 280w, https:\/\/h1-medienanalyse.de\/wp-content\/uploads\/2021\/03\/Expertise-150x150.png 150w\" sizes=\"auto, (max-width: 90px) 100vw, 90px\" \/><\/figure><\/div>\n\n\n\n<p class=\"has-text-align-center has-neve-link-color-color has-text-color\"><strong>mit hoher Qualit\u00e4t<\/strong><\/p>\n\n\n\n<p class=\"has-text-align-center has-neve-link-color-color has-text-color\">Unsere Arbeit orientiert sich an wissenschaftlichen Standards &#8211; f\u00fcr Ergebnisse in herausragender Qualit\u00e4t.<\/p>\n<\/div>\n\n\n\n<div class=\"wp-block-column is-layout-flow wp-block-column-is-layout-flow\">\n<div class=\"wp-block-image is-style-default\"><figure class=\"aligncenter size-large is-resized\"><img loading=\"lazy\" decoding=\"async\" src=\"http:\/\/h1-medienanalyse.de\/wp-content\/uploads\/2021\/03\/Expertise.png\" alt=\"\" class=\"wp-image-596\" width=\"90\" height=\"90\" srcset=\"https:\/\/h1-medienanalyse.de\/wp-content\/uploads\/2021\/03\/Expertise.png 280w, https:\/\/h1-medienanalyse.de\/wp-content\/uploads\/2021\/03\/Expertise-150x150.png 150w\" sizes=\"auto, (max-width: 90px) 100vw, 90px\" \/><\/figure><\/div>\n\n\n\n<p class=\"has-text-align-center has-neve-link-color-color has-text-color\"><strong>individuell zugeschnitten<\/strong><\/p>\n\n\n\n<p class=\"has-text-align-center has-neve-link-color-color has-text-color\">Jedes Projekt ist eine individuelle Antwort auf Ihre Herausforderungen und Fragen.<\/p>\n<\/div>\n<\/div>\n<\/div><\/div>\n\n\n\n<div style=\"height:50px\" aria-hidden=\"true\" class=\"wp-block-spacer\"><\/div>\n\n\n\n<div class=\"wp-block-cover alignfull has-nv-c-2-background-color has-background-dim\" style=\"min-height:600px;aspect-ratio:unset;\"><div class=\"wp-block-cover__inner-container is-layout-flow wp-block-cover-is-layout-flow\">\n<div class=\"wp-block-group\"><div class=\"wp-block-group__inner-container is-layout-flow wp-block-group-is-layout-flow\">\n<div style=\"height:80px\" aria-hidden=\"true\" class=\"wp-block-spacer\"><\/div>\n\n\n\n<div class=\"wp-block-columns are-vertically-aligned-center is-layout-flex wp-container-core-columns-is-layout-9d6595d7 wp-block-columns-is-layout-flex\">\n<div class=\"wp-block-column is-vertically-aligned-center is-layout-flow wp-block-column-is-layout-flow\" style=\"flex-basis:50%\">\n<h2 class=\"has-nv-text-dark-bg-color has-text-color wp-block-heading\">Unsere Werte<\/h2>\n\n\n\n<p class=\"has-nv-site-bg-color has-text-color\"><strong>Wir sind fair \u2013 <\/strong>Gute Arbeit braucht gute Bedingungen. Dazu geh\u00f6rt ein starkes Team mit gegenseitiger Unterst\u00fctzung, Fairness und Respekt, uns selbst und unseren Kund:innen gegen\u00fcber.&nbsp;&nbsp;&nbsp;<\/p>\n\n\n\n<p class=\"has-nv-site-bg-color has-text-color\"><strong>Wir sch\u00e4tzen Vielfalt<\/strong> \u2013 in den Meinungen und in der \u00d6ffentlichkeit. <\/p>\n\n\n\n<p class=\"has-nv-site-bg-color has-text-color\"><strong>Wir setzen auf Expertise <\/strong>\u2013 Wir st\u00e4rken und f\u00f6rdern, weil Weiterentwicklung weiter bringt.<\/p>\n\n\n\n<p class=\"has-nv-site-bg-color has-text-color\"><strong>Wir leben Feminismus  \u2013 <\/strong>Wir sind ein modernes Unternehmen, die Gleichstellung aller Menschen ist uns wichtig.&nbsp;&nbsp;&nbsp;&nbsp;&nbsp;<\/p>\n\n\n\n<p class=\"has-nv-site-bg-color has-text-color\"><strong>Wir sind unabh\u00e4ngig \u2013 <\/strong>Wir arbeiten kritisch und transparent. <\/p>\n\n\n\n<p class=\"has-nv-site-bg-color has-text-color\"><strong>Wir sind verantwortlich<\/strong> \u2013 f\u00fcr unser Tun und f\u00fcr die Menschen um uns herum. Bei unseren Projekten denken wir nachhaltig. Dabei sind uns langfristige Beziehungen wichtig.&nbsp;&nbsp;&nbsp;<\/p>\n\n\n\n<p class=\"has-nv-site-bg-color has-text-color\"><strong>Wir sind h1.<\/strong><\/p>\n\n\n\n<div style=\"height:20px\" aria-hidden=\"true\" class=\"wp-block-spacer\"><\/div>\n\n\n\n<div style=\"height:20px\" aria-hidden=\"true\" class=\"wp-block-spacer\"><\/div>\n<\/div>\n\n\n\n<div class=\"wp-block-column is-vertically-aligned-center is-layout-flow wp-block-column-is-layout-flow\" style=\"flex-basis:50%\">\n<figure class=\"wp-block-image size-large\"><img loading=\"lazy\" decoding=\"async\" width=\"1024\" height=\"628\" src=\"https:\/\/h1-medienanalyse.de\/wp-content\/uploads\/2021\/04\/Werte_Ueber-uns-1-1024x628.png\" alt=\"Auf der Grafik sind verschiedene Frauen zu sehen, die auf Sprechblasen sitzen. Sie verk\u00f6rpern die Werte von h1: Vielfalt, Unabh\u00e4ngigkeit und Feminismus.\" class=\"wp-image-943\" srcset=\"https:\/\/h1-medienanalyse.de\/wp-content\/uploads\/2021\/04\/Werte_Ueber-uns-1-1024x628.png 1024w, https:\/\/h1-medienanalyse.de\/wp-content\/uploads\/2021\/04\/Werte_Ueber-uns-1-300x184.png 300w, https:\/\/h1-medienanalyse.de\/wp-content\/uploads\/2021\/04\/Werte_Ueber-uns-1-768x471.png 768w, https:\/\/h1-medienanalyse.de\/wp-content\/uploads\/2021\/04\/Werte_Ueber-uns-1-1536x942.png 1536w, https:\/\/h1-medienanalyse.de\/wp-content\/uploads\/2021\/04\/Werte_Ueber-uns-1-2048x1256.png 2048w\" sizes=\"auto, (max-width: 1024px) 100vw, 1024px\" \/><\/figure>\n<\/div>\n<\/div>\n<\/div><\/div>\n<\/div><\/div>\n\n\n\n<div style=\"height:50px\" aria-hidden=\"true\" class=\"wp-block-spacer\"><\/div>\n\n\n\n<div class=\"wp-block-cover alignfull has-nv-c-1-background-color has-background-dim a:hover { color: #cd4a77!important;}\" style=\"min-height:600px;aspect-ratio:unset;\"><div class=\"wp-block-cover__inner-container is-layout-flow wp-block-cover-is-layout-flow\">\n<div class=\"wp-block-group\"><div class=\"wp-block-group__inner-container is-layout-flow wp-block-group-is-layout-flow\">\n<div class=\"wp-block-columns is-layout-flex wp-container-core-columns-is-layout-9d6595d7 wp-block-columns-is-layout-flex\">\n<div class=\"wp-block-column is-layout-flow wp-block-column-is-layout-flow\">\n<div style=\"height:80px\" aria-hidden=\"true\" class=\"wp-block-spacer\"><\/div>\n\n\n\n<h2 class=\"has-text-align-center has-neve-link-color-color has-text-color wp-block-heading\">Unser Team<\/h2>\n\n\n\n<div style=\"height:40px\" aria-hidden=\"true\" class=\"wp-block-spacer\"><\/div>\n\n\n\n<div class=\"wp-block-columns is-layout-flex wp-container-core-columns-is-layout-9d6595d7 wp-block-columns-is-layout-flex\">\n<div class=\"wp-block-column is-layout-flow wp-block-column-is-layout-flow\">\n<h3 class=\"has-text-align-center wp-block-heading\"><a href=\"https:\/\/h1-medienanalyse.de\/home\/ueber-uns\/das-h1-team\/anne-beier\/\" data-type=\"page\" data-id=\"1003\">Anne Beier<\/a><\/h3>\n\n\n\n<figure class=\"wp-block-image size-large is-style-default\"><a href=\"https:\/\/h1-medienanalyse.de\/home\/ueber-uns\/das-h1-team\/anne-beier\/\"><img loading=\"lazy\" decoding=\"async\" width=\"1024\" height=\"731\" src=\"http:\/\/h1-medienanalyse.de\/wp-content\/uploads\/2021\/03\/220321-14_klein-1024x731.jpg\" alt=\"\" class=\"wp-image-406\" srcset=\"https:\/\/h1-medienanalyse.de\/wp-content\/uploads\/2021\/03\/220321-14_klein-1024x731.jpg 1024w, https:\/\/h1-medienanalyse.de\/wp-content\/uploads\/2021\/03\/220321-14_klein-300x214.jpg 300w, https:\/\/h1-medienanalyse.de\/wp-content\/uploads\/2021\/03\/220321-14_klein-768x548.jpg 768w, https:\/\/h1-medienanalyse.de\/wp-content\/uploads\/2021\/03\/220321-14_klein.jpg 1122w\" sizes=\"auto, (max-width: 1024px) 100vw, 1024px\" \/><\/a><\/figure>\n\n\n\n<p class=\"has-text-align-center has-neve-link-color-color has-text-color\">Leiterin Datenanalyse<\/p>\n\n\n\n<ul class=\"wp-block-social-links aligncenter is-layout-flex wp-block-social-links-is-layout-flex\"><li class=\"wp-social-link wp-social-link-mail  wp-block-social-link\"><a href=\"mailto:anne.beier@h1-medienanalyse.de\" class=\"wp-block-social-link-anchor\"><svg width=\"24\" height=\"24\" viewBox=\"0 0 24 24\" version=\"1.1\" xmlns=\"http:\/\/www.w3.org\/2000\/svg\" aria-hidden=\"true\" focusable=\"false\"><path d=\"M19,5H5c-1.1,0-2,.9-2,2v10c0,1.1.9,2,2,2h14c1.1,0,2-.9,2-2V7c0-1.1-.9-2-2-2zm.5,12c0,.3-.2.5-.5.5H5c-.3,0-.5-.2-.5-.5V9.8l7.5,5.6,7.5-5.6V17zm0-9.1L12,13.6,4.5,7.9V7c0-.3.2-.5.5-.5h14c.3,0,.5.2.5.5v.9z\"><\/path><\/svg><span class=\"wp-block-social-link-label screen-reader-text\">Mail<\/span><\/a><\/li><\/ul>\n<\/div>\n\n\n\n<div class=\"wp-block-column is-layout-flow wp-block-column-is-layout-flow\">\n<h3 class=\"has-text-align-center wp-block-heading\"><a href=\"https:\/\/h1-medienanalyse.de\/home\/ueber-uns\/das-h1-team\/janine-greyer-stock\/\" data-type=\"page\" data-id=\"1008\">Janine Greyer-Stock<\/a><\/h3>\n\n\n\n<figure class=\"wp-block-image size-large is-style-default\"><a href=\"https:\/\/h1-medienanalyse.de\/home\/ueber-uns\/das-h1-team\/janine-greyer-stock\/\"><img loading=\"lazy\" decoding=\"async\" width=\"1024\" height=\"732\" src=\"http:\/\/h1-medienanalyse.de\/wp-content\/uploads\/2021\/04\/002_Janine_Greyer-Stock-1024x732.jpg\" alt=\"\" class=\"wp-image-1039\" srcset=\"https:\/\/h1-medienanalyse.de\/wp-content\/uploads\/2021\/04\/002_Janine_Greyer-Stock-1024x732.jpg 1024w, https:\/\/h1-medienanalyse.de\/wp-content\/uploads\/2021\/04\/002_Janine_Greyer-Stock-300x214.jpg 300w, https:\/\/h1-medienanalyse.de\/wp-content\/uploads\/2021\/04\/002_Janine_Greyer-Stock-768x549.jpg 768w, https:\/\/h1-medienanalyse.de\/wp-content\/uploads\/2021\/04\/002_Janine_Greyer-Stock-1536x1097.jpg 1536w, https:\/\/h1-medienanalyse.de\/wp-content\/uploads\/2021\/04\/002_Janine_Greyer-Stock-2048x1463.jpg 2048w\" sizes=\"auto, (max-width: 1024px) 100vw, 1024px\" \/><\/a><\/figure>\n\n\n\n<p class=\"has-text-align-center has-neve-link-color-color has-text-color\">Gesch\u00e4ftsf\u00fchrerin<\/p>\n\n\n\n<ul class=\"wp-block-social-links aligncenter is-layout-flex wp-block-social-links-is-layout-flex\"><li class=\"wp-social-link wp-social-link-mail  wp-block-social-link\"><a href=\"mailto:janine.greyer-stock@h1-medienanalyse.de\" class=\"wp-block-social-link-anchor\"><svg width=\"24\" height=\"24\" viewBox=\"0 0 24 24\" version=\"1.1\" xmlns=\"http:\/\/www.w3.org\/2000\/svg\" aria-hidden=\"true\" focusable=\"false\"><path d=\"M19,5H5c-1.1,0-2,.9-2,2v10c0,1.1.9,2,2,2h14c1.1,0,2-.9,2-2V7c0-1.1-.9-2-2-2zm.5,12c0,.3-.2.5-.5.5H5c-.3,0-.5-.2-.5-.5V9.8l7.5,5.6,7.5-5.6V17zm0-9.1L12,13.6,4.5,7.9V7c0-.3.2-.5.5-.5h14c.3,0,.5.2.5.5v.9z\"><\/path><\/svg><span class=\"wp-block-social-link-label screen-reader-text\">Mail<\/span><\/a><\/li><\/ul>\n<\/div>\n<\/div>\n<\/div>\n<\/div>\n\n\n\n<div class=\"wp-block-columns is-layout-flex wp-container-core-columns-is-layout-9d6595d7 wp-block-columns-is-layout-flex\">\n<div class=\"wp-block-column is-layout-flow wp-block-column-is-layout-flow\">\n<h3 class=\"has-text-align-center has-neve-link-color-color has-text-color wp-block-heading\"><a href=\"https:\/\/h1-medienanalyse.de\/home\/ueber-uns\/das-h1-team\/eva-spittka\/\" data-type=\"page\" data-id=\"2\">Eva Spittka<\/a><\/h3>\n\n\n\n<figure class=\"wp-block-image size-large\"><a href=\"https:\/\/h1-medienanalyse.de\/home\/ueber-uns\/das-h1-team\/eva-spittka\/\"><img loading=\"lazy\" decoding=\"async\" width=\"1024\" height=\"732\" src=\"http:\/\/h1-medienanalyse.de\/wp-content\/uploads\/2021\/05\/Eva-Spittka-1024x732.jpg\" alt=\"\" class=\"wp-image-1132\" srcset=\"https:\/\/h1-medienanalyse.de\/wp-content\/uploads\/2021\/05\/Eva-Spittka-1024x732.jpg 1024w, https:\/\/h1-medienanalyse.de\/wp-content\/uploads\/2021\/05\/Eva-Spittka-300x214.jpg 300w, https:\/\/h1-medienanalyse.de\/wp-content\/uploads\/2021\/05\/Eva-Spittka-768x549.jpg 768w, https:\/\/h1-medienanalyse.de\/wp-content\/uploads\/2021\/05\/Eva-Spittka.jpg 1122w\" sizes=\"auto, (max-width: 1024px) 100vw, 1024px\" \/><\/a><\/figure>\n\n\n\n<p class=\"has-text-align-center has-neve-link-color-color has-text-color\">Gesch\u00e4ftsf\u00fchrerin<\/p>\n\n\n\n<ul class=\"wp-block-social-links aligncenter has-normal-icon-size is-layout-flex wp-block-social-links-is-layout-flex\"><li class=\"wp-social-link wp-social-link-mail  wp-block-social-link\"><a href=\"mailto:eva.spittka@h1-medienanalyse.de\" class=\"wp-block-social-link-anchor\"><svg width=\"24\" height=\"24\" viewBox=\"0 0 24 24\" version=\"1.1\" xmlns=\"http:\/\/www.w3.org\/2000\/svg\" aria-hidden=\"true\" focusable=\"false\"><path d=\"M19,5H5c-1.1,0-2,.9-2,2v10c0,1.1.9,2,2,2h14c1.1,0,2-.9,2-2V7c0-1.1-.9-2-2-2zm.5,12c0,.3-.2.5-.5.5H5c-.3,0-.5-.2-.5-.5V9.8l7.5,5.6,7.5-5.6V17zm0-9.1L12,13.6,4.5,7.9V7c0-.3.2-.5.5-.5h14c.3,0,.5.2.5.5v.9z\"><\/path><\/svg><span class=\"wp-block-social-link-label screen-reader-text\">Mail<\/span><\/a><\/li><\/ul>\n<\/div>\n\n\n\n<div class=\"wp-block-column is-layout-flow wp-block-column-is-layout-flow\">\n<h3 class=\"has-text-align-center has-neve-link-color-color has-text-color wp-block-heading\"><a href=\"https:\/\/h1-medienanalyse.de\/home\/ueber-uns\/das-h1-team\/joachim-trebbe\/\" data-type=\"page\" data-id=\"894\">Dr. Joachim Trebbe<\/a><\/h3>\n\n\n\n<figure class=\"wp-block-image size-large\"><a href=\"https:\/\/h1-medienanalyse.de\/home\/ueber-uns\/das-h1-team\/joachim-trebbe\/\"><img loading=\"lazy\" decoding=\"async\" width=\"1024\" height=\"732\" src=\"http:\/\/h1-medienanalyse.de\/wp-content\/uploads\/2021\/04\/001_Joachim_Trebbe-1024x732.jpg\" alt=\"\" class=\"wp-image-1038\" srcset=\"https:\/\/h1-medienanalyse.de\/wp-content\/uploads\/2021\/04\/001_Joachim_Trebbe-1024x732.jpg 1024w, https:\/\/h1-medienanalyse.de\/wp-content\/uploads\/2021\/04\/001_Joachim_Trebbe-300x214.jpg 300w, https:\/\/h1-medienanalyse.de\/wp-content\/uploads\/2021\/04\/001_Joachim_Trebbe-768x549.jpg 768w, https:\/\/h1-medienanalyse.de\/wp-content\/uploads\/2021\/04\/001_Joachim_Trebbe-1536x1097.jpg 1536w, https:\/\/h1-medienanalyse.de\/wp-content\/uploads\/2021\/04\/001_Joachim_Trebbe-2048x1463.jpg 2048w\" sizes=\"auto, (max-width: 1024px) 100vw, 1024px\" \/><\/a><\/figure>\n\n\n\n<p class=\"has-text-align-center has-neve-link-color-color has-text-color\">Wissenschaftlicher Berater<\/p>\n\n\n\n<ul class=\"wp-block-social-links aligncenter is-layout-flex wp-block-social-links-is-layout-flex\"><li class=\"wp-social-link wp-social-link-mail  wp-block-social-link\"><a href=\"mailto:joachim.trebbe@h1-medienanalyse.de\" class=\"wp-block-social-link-anchor\"><svg width=\"24\" height=\"24\" viewBox=\"0 0 24 24\" version=\"1.1\" xmlns=\"http:\/\/www.w3.org\/2000\/svg\" aria-hidden=\"true\" focusable=\"false\"><path d=\"M19,5H5c-1.1,0-2,.9-2,2v10c0,1.1.9,2,2,2h14c1.1,0,2-.9,2-2V7c0-1.1-.9-2-2-2zm.5,12c0,.3-.2.5-.5.5H5c-.3,0-.5-.2-.5-.5V9.8l7.5,5.6,7.5-5.6V17zm0-9.1L12,13.6,4.5,7.9V7c0-.3.2-.5.5-.5h14c.3,0,.5.2.5.5v.9z\"><\/path><\/svg><span class=\"wp-block-social-link-label screen-reader-text\">Mail<\/span><\/a><\/li><\/ul>\n<\/div>\n<\/div>\n\n\n\n<div style=\"height:40px\" aria-hidden=\"true\" class=\"wp-block-spacer\"><\/div>\n<\/div><\/div>\n\n\n\n<p><\/p>\n<\/div><\/div>\n","protected":false},"excerpt":{"rendered":"","protected":false},"author":2,"featured_media":0,"parent":0,"menu_order":0,"comment_status":"closed","ping_status":"closed","template":"","meta":{"neve_meta_sidebar":"default","neve_meta_container":"default","neve_meta_enable_content_width":"on","neve_meta_content_width":100,"neve_meta_title_alignment":"","neve_meta_author_avatar":"","neve_post_elements_order":"","neve_meta_disable_header":"","neve_meta_disable_footer":"","neve_meta_disable_title":"on","_ti_tpc_template_sync":false,"_ti_tpc_template_id":"0qhau2t6eoekosrgo1a2","footnotes":""},"class_list":["post-279","page","type-page","status-publish","hentry"],"_links":{"self":[{"href":"https:\/\/h1-medienanalyse.de\/home\/wp-json\/wp\/v2\/pages\/279","targetHints":{"allow":["GET"]}}],"collection":[{"href":"https:\/\/h1-medienanalyse.de\/home\/wp-json\/wp\/v2\/pages"}],"about":[{"href":"https:\/\/h1-medienanalyse.de\/home\/wp-json\/wp\/v2\/types\/page"}],"author":[{"embeddable":true,"href":"https:\/\/h1-medienanalyse.de\/home\/wp-json\/wp\/v2\/users\/2"}],"replies":[{"embeddable":true,"href":"https:\/\/h1-medienanalyse.de\/home\/wp-json\/wp\/v2\/comments?post=279"}],"version-history":[{"count":59,"href":"https:\/\/h1-medienanalyse.de\/home\/wp-json\/wp\/v2\/pages\/279\/revisions"}],"predecessor-version":[{"id":1101,"href":"https:\/\/h1-medienanalyse.de\/home\/wp-json\/wp\/v2\/pages\/279\/revisions\/1101"}],"wp:attachment":[{"href":"https:\/\/h1-medienanalyse.de\/home\/wp-json\/wp\/v2\/media?parent=279"}],"curies":[{"name":"wp","href":"https:\/\/api.w.org\/{rel}","templated":true}]}}